{"id":1446,"date":"2023-05-11T13:50:44","date_gmt":"2023-05-11T13:50:44","guid":{"rendered":"https:\/\/deutzfahrmer.ca\/wp\/tractor\/serie-5-ds-dv-df-df-ecoline\/"},"modified":"2025-01-09T19:27:39","modified_gmt":"2025-01-09T19:27:39","slug":"serie-5-ds-dv-df-df-ecoline","status":"publish","type":"tractor","link":"https:\/\/deutzfahrmer.ca\/fr\/tracteur\/serie-5-ds-dv-df-df-ecoline\/","title":{"rendered":"S\u00c9RIE 5 DS \/ DV \/ DF \/ DF ECOLINE"},"content":{"rendered":"<section id=\"block-612e2683680f8\" class=\"block hero-secondary\" style=\"background-image: url(https:\/\/deutzfahrmer.ca\/app\/uploads\/2023\/05\/deutzfahr-canada-tractor_5-series_banner.jpg);\">\n    <div class=\"container\">\n        <div class=\"hero-secondary-inner\">\n                            <div class=\"link-wrapper\">\n                    <svg width=\"7\" height=\"11\" viewBox=\"0 0 7 11\" fill=\"none\" xmlns=\"http:\/\/www.w3.org\/2000\/svg\">\n<path d=\"M5.00005 10.4999L6.41846 9.08148L2.83692 5.49994L6.41846 1.91841L5.00005 0.5L0.000100871 5.49994L5.00005 10.4999Z\" fill=\"white\"\/>\n<\/svg>\n\n                    <a href=\"https:\/\/deutzfahrmer.ca\/fr\/tracteurs\/\" class=\"link\">RETOUR AUX TRACTEURS<\/a>\n                <\/div>\n                        <h1>S\u00c9RIE 5 DS \/ DV \/ DF \/ DF ECOLINE<\/h1>\n\n            <div class=\"tags-wrapper\">\n                                                            <a href=\"#informations\" class=\"tag-item\">INFORMATIONS<\/a>\n                                                                                <a href=\"#key-features\" class=\"tag-item\">CARACT\u00c9RISTIQUES CL\u00c9S<\/a>\n                                                <\/div>\n        <\/div>\n    <\/div>\n            <div class=\"opacity-filter\" style=\"opacity: 0.25\"><\/div>\n    <\/section>\n\n<section id=\"block-61250c15fc5b1\" class=\"block content-2-col\">\n            <div class=\"background-title-wrapper\">\n            <div class=\"background-title\">S\u00c9RIE 5 DS \/ DV \/ DF \/ DF ECOLINE<\/div>\n        <\/div>\n        <div class=\"container\">\n        <div class=\"content-2-col-inner\" id=\"informations\">\n            <div class=\"top\">\n                <div class=\"left-column\">\n                    <h2>LA PLUS GRANDE S\u00c9LECTION DE MOD\u00c8LES POUR LA PRODUCTIVIT\u00c9 MAXIMALE.<\/h2>\n\n                    <p>LES PLUS AGILES ET LES PLUS INNOVANTS.<\/p>\n<ul>\n<li>Puissance: <strong>75-102 HP<\/strong><em> (80 HP seulement en Am\u00e9rique du Nord)<\/em><\/li>\n<li>Cylindres: <strong>3 ou 4<\/strong><\/li>\n<li>Poids: <strong>2.620-2.770 kg<\/strong><\/li>\n<li>Empattement: <strong>2.011-2.141 mm<\/strong><\/li>\n<\/ul>\n\n                <\/div>\n                <div class=\"right-column\">\n                    <div class=\"image-wrapper\"><div class=\"image image--fill \">\n\t\t\t\t<div class=\"frame\">\n\t\t\t\t\t<picture>\n\t\t\t\t\t\t<source srcset=\"https:\/\/deutzfahrmer.ca\/app\/uploads\/2023\/05\/deutzfahr-canada-tractor_5-series_product.webp\" type=\"image\/webp\"\/>\n\t\t\t\t\t\t<img decoding=\"async\" src=\"https:\/\/deutzfahrmer.ca\/app\/uploads\/2023\/05\/deutzfahr-canada-tractor_5-series_product.webp\">\n\t\t\t\t\t<\/picture>\n\t\t\t\t<\/div>\n\t\t\t<\/div><\/div>\n                    <div class=\"links-wrapper\">\n                        <div class=\"links-wrapper-inner\">\n                                                            <a href=\"https:\/\/deutzfahrmer.ca\/app\/uploads\/2025\/01\/5080-df_dv-BR-FR.pdf\" class=\"button button__white\">BROCHURE<\/a>\n                                                                                                            <\/div>\n                    <\/div>\n                <\/div>\n            <\/div>\n            <div class=\"bottom\">\n                <div class=\"left-column\"><p>Des travaux dans les vignobles et les vergers au jardinage en passant par l&#8217;am\u00e9nagement paysager et les applications dans les municipalit\u00e9s, productivit\u00e9 et flexibilit\u00e9 maximales sont les conditions essentielles d&#8217;une entreprise financi\u00e8rement viable. Avec la s\u00e9rie 5DS, 5DV, 5DF et 5DF Ecoline, DEUTZ-FAHR a r\u00e9alis\u00e9 une nouvelle g\u00e9n\u00e9ration de tracteurs sp\u00e9cialis\u00e9s hautement innovants qui r\u00e9pondent aux plus grandes exigences en termes de productivit\u00e9 et de flexibilit\u00e9 de l&#8217;\u00e9quipement. L&#8217;avant a \u00e9t\u00e9 enti\u00e8rement revisit\u00e9. Moteurs, syst\u00e8mes de refroidissement et r\u00e9servoirs \u00e0 carburant sont d\u00e9sormais plus compacts sous un capot r\u00e9nov\u00e9. Gr\u00e2ce en partie \u00e0 la nouvelle g\u00e9om\u00e9trie du pont avant, un angle de braquage atteignant 60\u00b0 est possible.<\/p>\n<\/div>\n                <div class=\"right-column\"><p>En association avec les empattements les plus courts de la cat\u00e9gorie, cette particularit\u00e9 des nouveaux tracteurs sp\u00e9cialis\u00e9s en fait les plus agiles sur le march\u00e9 \u2013 ils sont par ailleurs les plus innovants gr\u00e2ce \u00e0 une s\u00e9rie d&#8217;atouts techniques, comme la suspension ind\u00e9pendante sur le pont avant, les moteurs FARMotion \u00e0 haut rendement, la transmission PowerShift 40 km\/h ECO et les diff\u00e9rentes options hydrauliques. Avec 44 mod\u00e8les au total offrant une puissance de 75 \u00e0 113 ch et des options d&#8217;\u00e9quipement allant de la haute technologie \u00e0 l&#8217;\u00e9conomie, DEUTZ-FAHR pr\u00e9sente le plus grand choix de mod\u00e8les dans cette cat\u00e9gorie. Chaque exploitation agricole est assur\u00e9e de trouver le tracteur sp\u00e9cialis\u00e9 adapt\u00e9 \u00e0 ses applications sp\u00e9cifiques et \u00e0 ses besoins en mati\u00e8re de confort du conducteur.<\/p>\n<\/div>\n            <\/div>\n        <\/div>\n    <\/div>\n<\/section>\n\n<section id=\"block-612535ed35094\" class=\"block carousel-features\">\n    <div class=\"background-wrapper\"><\/div>\n    <div class=\"container\">\n        <div class=\"carousel-features-inner\" id=\"key-features\">\n            <div class=\"title-wrapper\">\n                <h2>Caract\u00e9ristiques cl\u00e9s<\/h2>\n            <\/div>\n            <div class=\"carousel-wrapper\">\n                <div class=\"feature-tags\">\n                                            <div class=\"feature-tag\">Moteur<\/div>\n                                            <div class=\"feature-tag\">Transmission<\/div>\n                                            <div class=\"feature-tag\">PTO<\/div>\n                                            <div class=\"feature-tag\">SYST\u00c8ME HYDRAULIQUE<\/div>\n                                            <div class=\"feature-tag\">SYST\u00c8ME DE FREINAGE<\/div>\n                                            <div class=\"feature-tag\">CABINE<\/div>\n                                    <\/div>\n                <div class=\"carousel swiper-container\">\n                    <div class=\"carousel-controls\">\n                        <div class=\"carousel-control carousel-control__previous\">\n                            <svg width=\"20\" height=\"20\" viewBox=\"0 0 20 20\" fill=\"none\" xmlns=\"http:\/\/www.w3.org\/2000\/svg\">\n<g clip-path=\"url(#clip0)\">\n<path d=\"M5.48524 15.4852L6.3761 14.5943L2.41178 10.6299L20 10.6299L20 9.37L2.41178 9.36999L6.3761 5.40568L5.48524 4.51477L4.79531e-07 10L5.48524 15.4852Z\" fill=\"white\"\/>\n<\/g>\n<defs>\n<clipPath id=\"clip0\">\n<rect width=\"20\" height=\"20\" fill=\"white\" transform=\"translate(20 20) rotate(-180)\"\/>\n<\/clipPath>\n<\/defs>\n<\/svg>\n\n                        <\/div>\n                        <div class=\"carousel-control carousel-control__next\">\n                            <svg width=\"20\" height=\"20\" viewBox=\"0 0 20 20\" fill=\"none\" xmlns=\"http:\/\/www.w3.org\/2000\/svg\">\n<path d=\"M14.5148 4.5148L13.6239 5.4057L17.5882 9.37006H0V10.63H17.5882L13.6239 14.5943L14.5148 15.4852L20 9.99999L14.5148 4.5148Z\" fill=\"white\"\/>\n<\/svg>\n\n                        <\/div>\n                    <\/div>\n                    <div class=\"swiper-wrapper\">\n                                                    <div class=\"swiper-slide\">\n                                <div class=\"image-wrapper\" style=\"background-image: url(https:\/\/deutzfahrmer.ca\/app\/uploads\/2023\/05\/timthumb_yAYoZCW.webp)\"><\/div>\n                                <div class=\"content-wrapper\">\n                                    <h3>MOTEURS FARMOTION. EFFICACIT\u00c9 MAXIMALE DANS UNE UNIT\u00c9 COMPACTE.<\/h3>\n<p>Sous le nouveau capot, des moteurs extr\u00eamement compacts \u00e0 trois et quatre cylindres FARMotion travaillent avec ardeur. D\u00e9velopp\u00e9s sp\u00e9cialement pour les applications agricoles, ces moteurs common rail sont \u00e9quip\u00e9s d&#8217;injection \u00e9lectronique \u00e0 une pression de 2 000 bar, de soupapes au nouveau concept, de plus grand cylindres, d&#8217;un vilebrequin \u00e0 la conception in\u00e9dite, d&#8217;un syst\u00e8me de gestion \u00e9lectronique de recirculation des gaz d&#8217;\u00e9chappement (EGR) et d&#8217;un catalyseur d&#8217;oxydation diesel (DOC) \u2013 le tout se traduisant par des performances maximales et un couple constant m\u00eame \u00e0 bas r\u00e9gime moteur. Consommation de carburant, \u00e9missions, vibrations et niveau sonore ont \u00e9t\u00e9 r\u00e9duits. \u00c0 noter \u00e9galement parmi les nouvelles caract\u00e9ristiques le syst\u00e8me de refroidissement compact \u00e0 surface de refroidissement accrue, l&#8217;intercooler, le syst\u00e8me de refroidissement du carburant, le condenseur de climatisation, l&#8217;optimisation du d\u00e9bit d&#8217;air et le filtre \u00e0 air Powercore avec \u00e9limination des poussi\u00e8res. Tous les syst\u00e8mes contribuent \u00e0 l&#8217;efficacit\u00e9 du moteur et sont con\u00e7us pour de longs intervalles d&#8217;entretien et des travaux de r\u00e9vision rapides et simples. Le r\u00e9servoir \u00e0 carburant est int\u00e9gr\u00e9 au bloc du pont avant et le plein s&#8217;effectue sans ouvrir le capot. Il ne contient pas moins de 55 litres. Pour une capacit\u00e9 suppl\u00e9mentaire de carburant, un autre r\u00e9servoir peut \u00eatre inclus sous la plate-forme conducteur, renfermant 40 litres (mod\u00e8les 5DF) ou 30 litres (mod\u00e8les 5DS et 5DV).<\/p>\n\n                                                                            <div class=\"link-wrapper\">\n                                            <a class=\"button button__green\" href=\"https:\/\/deutzfahrmer.ca\/fr\/demandez-une-soumission\/\">Demandez une soumission<\/a>\n                                        <\/div>\n                                                                    <\/div>\n                            <\/div>\n                                                    <div class=\"swiper-slide\">\n                                <div class=\"image-wrapper\" style=\"background-image: url(https:\/\/deutzfahrmer.ca\/app\/uploads\/2023\/05\/timthumb_1_4YdM70U.webp)\"><\/div>\n                                <div class=\"content-wrapper\">\n                                    <h3>GAMME DE RAPPORTS MAXIMALE. QUEL QUE SOIT LE CHANGEMENT DE RAPPORT, LES 40 KM\/H ECO SONT TOUJOURS POSSIBLES.<\/h3>\n<p>Les syst\u00e8mes de transmission des nouveaux tracteurs sp\u00e9cialis\u00e9s DEUTZ-FAHR ont \u00e9galement \u00e9t\u00e9 d\u00e9velopp\u00e9s pour r\u00e9pondre aux exigences les plus \u00e9lev\u00e9es des entreprises agricoles modernes. Efficacit\u00e9, polyvalence et flexibilit\u00e9 d&#8217;\u00e9quipement repr\u00e9sentaient ici le crit\u00e8re essentiel. La transmission PowerShift \u00e0 trois gammes avec cinq rapports est unique dans cette cat\u00e9gorie de tracteurs. Elle fournit jusqu&#8217;\u00e0 45 vitesses en marche avant et 45 en marche arri\u00e8re. Pour le confort accru du conducteur, les changements de vitesse peuvent \u00eatre effectu\u00e9s par pression sur un bouton sur le levier de vitesse sans d\u00e9brayer. Le syst\u00e8me Stop&amp;Go pour le d\u00e9marrage et l&#8217;arr\u00eat ais\u00e9s sans recourir \u00e0 la p\u00e9dale d&#8217;embrayage est mont\u00e9 de s\u00e9rie sur tous les mod\u00e8les dot\u00e9s de PowerShuttle. Choisissez le syst\u00e8me de transmission s&#8217;adaptant parfaitement \u00e0 votre profil de travail et vos besoins de confort. Pour les mod\u00e8les 5DS, 5DV et 5DF, une transmission m\u00e9canique \u00e0 cinq rapports est disponible avec jusqu&#8217;\u00e0 30 vitesses en marche avant et 15 en marche arri\u00e8re. Les mod\u00e8les 5DF Ecoline sont \u00e9quip\u00e9s de ce syst\u00e8me de s\u00e9rie. Une vitesse de 40 km\/h ECO peut \u00eatre atteinte par tous les mod\u00e8les, quel que soit le type de pneus. Le concept \u00ab overspeed \u00bb r\u00e9duit consid\u00e9rablement la consommation de carburant et le niveau sonore durant les op\u00e9rations de transport. Il en d\u00e9coule ainsi une efficacit\u00e9 maximale et un confort de conduite optimal.<\/p>\n\n                                                                            <div class=\"link-wrapper\">\n                                            <a class=\"button button__green\" href=\"https:\/\/deutzfahrmer.ca\/fr\/demandez-une-soumission\/\">Demandez une soumission<\/a>\n                                        <\/div>\n                                                                    <\/div>\n                            <\/div>\n                                                    <div class=\"swiper-slide\">\n                                <div class=\"image-wrapper\" style=\"background-image: url(https:\/\/deutzfahrmer.ca\/app\/uploads\/2023\/05\/timthumb_2_TvUwoNW.webp)\"><\/div>\n                                <div class=\"content-wrapper\">\n                                    <h3>HAUTES PERFORMANCES, \u00c0 TOUT MOMENT.<\/h3>\n<p>La s\u00e9rie de fonctions de la PDF est toujours extr\u00eamement vari\u00e9e. Pour DEUTZ-FAHR, trois vitesses de PDF sont naturellement de s\u00e9rie : 540, 540 Eco et 1 000. La PDF est activ\u00e9e au moyen d&#8217;un bouton et de commandes \u00e9lectrohydrauliques. Le d\u00e9marrage en douceur et sans \u00e0-coups est ainsi garanti. La PDF proportionnelle \u00e0 la vitesse d&#8217;avancement est \u00e9galement disponible en option.<\/p>\n\n                                                                            <div class=\"link-wrapper\">\n                                            <a class=\"button button__green\" href=\"https:\/\/deutzfahrmer.ca\/fr\/demandez-une-soumission\/\">Demandez une soumission<\/a>\n                                        <\/div>\n                                                                    <\/div>\n                            <\/div>\n                                                    <div class=\"swiper-slide\">\n                                <div class=\"image-wrapper\" style=\"background-image: url(https:\/\/deutzfahrmer.ca\/app\/uploads\/2023\/05\/timthumb_3_3MHWAGI.webp)\"><\/div>\n                                <div class=\"content-wrapper\">\n                                    <h3>TRIPLE INDIVIDUALIT\u00c9 : ZONES D&#8217;ATTELAGE \u00c0 L&#8217;AVANT, AU MILIEU ET \u00c0 L&#8217;ARRI\u00c8RE.<\/h3>\n<p>Des vignobles aux vergers, du labour au traitement et \u00e0 la moisson des cultures, sans oublier l&#8217;entretien hivernal des routes pour les municipalit\u00e9s et la voirie en g\u00e9n\u00e9ral \u2013 polyvalence et adaptabilit\u00e9 sont le point fort des nouveaux tracteurs sp\u00e9cialis\u00e9s DEUTZ-FAHR. Avec une capacit\u00e9 de levage de 2 600 kg \u00e0 l&#8217;arri\u00e8re (mod\u00e8le 5DF : 2 800 kg max.) et 1 500 kg \u00e0 l&#8217;avant, toutes les combinaisons d&#8217;outil possibles sont ais\u00e9ment actionn\u00e9es. Le relevage hydraulique arri\u00e8re peut sur demande \u00eatre command\u00e9 \u00e9lectroniquement. La capacit\u00e9 de la pompe de s\u00e9rie est de 54 l\/min pour les trois distributeurs arri\u00e8re. Une pompe tandem en option de 64 l\/min est disponible pour le fonctionnement simultan\u00e9 d&#8217;un relevage hydraulique arri\u00e8re et jusqu&#8217;\u00e0 cinq distributeurs \u00e0 l&#8217;avant et \u00e0 l&#8217;arri\u00e8re. Les mod\u00e8les 5DF Ecoline sont \u00e9quip\u00e9s d&#8217;une pompe de 42 l\/min et de trois distributeurs \u00e0 l&#8217;arri\u00e8re. En garantie d&#8217;un syst\u00e8me hydraulique \u00e0 la hauteur de votre profil de service, DEUTZ-FAHR propose cinq solutions hydrauliques distinctes allant de l\u2019\u00e9quipement de base au plus \u00e9volu\u00e9. L&#8217;activation ext\u00e9rieure du relevage arri\u00e8re depuis le garde-boue fait de l&#8217;attelage des outils de travail une proc\u00e9dure s\u00e9curis\u00e9e et simple.<\/p>\n\n                                                                            <div class=\"link-wrapper\">\n                                            <a class=\"button button__green\" href=\"https:\/\/deutzfahrmer.ca\/fr\/demandez-une-soumission\/\">Demandez une soumission<\/a>\n                                        <\/div>\n                                                                    <\/div>\n                            <\/div>\n                                                    <div class=\"swiper-slide\">\n                                <div class=\"image-wrapper\" style=\"background-image: url(https:\/\/deutzfahrmer.ca\/app\/uploads\/2023\/05\/timthumb_4_hZnu2vj.webp)\"><\/div>\n                                <div class=\"content-wrapper\">\n                                    <h3>ESSIEUX ET FREINS. CONFORT MAXIMUM SUR TOUS LES TERRAINS.<\/h3>\n<p>Le nouveau concept du pont avant DEUTZ-FAHR est unique pour les tracteurs sp\u00e9cialis\u00e9s, devenant ainsi un r\u00e9el atout. La suspension ind\u00e9pendante \u00e0 double triangulation permet \u00e0 chaque roue avant le d\u00e9placement vertical dans une mesure diff\u00e9rente. Il en d\u00e9coule une meilleure suspension dans tous les sc\u00e9narios de fonctionnement. La course du ressort de chaque roue est contr\u00f4l\u00e9e par un syst\u00e8me \u00e9lectrohydraulique adaptatif, assurant en permanence \u00e0 la roue une surface de contact totale avec le terrain. Le syst\u00e8me differential traction control (DTC) surveille en continu les r\u00e9volutions de la roue et applique toujours le couple sur la roue lors du contact maximum avec le sol. En outre, cet innovant syst\u00e8me de contr\u00f4le des tracteurs sp\u00e9cialis\u00e9s DEUTZ-FAHR est \u00e9galement dot\u00e9 de fonction de stabilisation antiroulis et anti-embard\u00e9e. La stabilisation antiroulis pr\u00e9vient l&#8217;affaissement ind\u00e9sirable de l&#8217;essieu avant et les changements de charge au freinage qui en d\u00e9coulent, tandis que la stabilit\u00e9 anti-embard\u00e9e \u00e9vite au v\u00e9hicule de basculer au braquage ou en virage. La g\u00e9om\u00e9trie svelte du pont avant permet un angle de braquage de 60\u00b0. Le rayon de braquage a \u00e9t\u00e9 r\u00e9duit de 10 %, ainsi limit\u00e9 \u00e0 trois m\u00e8tres en moyenne. Le frein hydraulique sur les quatre roues est de s\u00e9rie, l&#8217;engagement automatique \u00e9lectrohydraulique de la traction int\u00e9grale et le blocage de diff\u00e9rentiel int\u00e9gral sont disponibles en option. Le tout se traduit par un concept innovant du pont avant qui garantit adh\u00e9rence, traction, stabilit\u00e9 et stabilit\u00e9 accrues en toute condition de sol \u2013 sur route ou en tout-terrain.<\/p>\n\n                                                                            <div class=\"link-wrapper\">\n                                            <a class=\"button button__green\" href=\"https:\/\/deutzfahrmer.ca\/fr\/demandez-une-soumission\/\">Demandez une soumission<\/a>\n                                        <\/div>\n                                                                    <\/div>\n                            <\/div>\n                                                    <div class=\"swiper-slide\">\n                                <div class=\"image-wrapper\" style=\"background-image: url(https:\/\/deutzfahrmer.ca\/app\/uploads\/2023\/05\/timthumb_5_7RjPDtl.webp)\"><\/div>\n                                <div class=\"content-wrapper\">\n                                    <h3>CABINE CONFORT DEUTZ-FAHR POUR LES PLUS BELLES PERSPECTIVES PROFESSIONNELLES.<\/h3>\n<p>La cabine n&#8217;est plus un luxe, ni m\u00eame pour les tracteurs sp\u00e9cialis\u00e9s. Un environnement de travail plus agr\u00e9able se traduit par un conducteur moins enclin \u00e0 ressentir l&#8217;impact des facteurs environnementaux comme le froid, la chaleur, la poussi\u00e8re, les produits phytosanitaires et le bruit et par cons\u00e9quent \u00e0 m\u00eame de se concentrer plus longtemps et plus performant. La cabine \u00e0 quatre montants des nouveaux tracteurs sp\u00e9cialis\u00e9s satisfait aux normes DEUTZ-FAHR les plus rigoureuses. Le pare-brise monobloc et le vitrage \u00e0 360\u00b0 garantissent la visibilit\u00e9 maximale, d\u00e9voilant toutes les zones relatives aux travaux et \u00e0 la s\u00e9curit\u00e9. L&#8217;ext\u00e9rieur est compact et \u00e9lanc\u00e9, sans bords tranchants susceptibles d&#8217;endommager les cultures. Il n&#8217;y a pas de bords tranchants qui pourraient endommager les cultures. \u00c0 l&#8217;int\u00e9rieur, un design avant-gardiste et des mat\u00e9riaux l\u00e9gers et de haute qualit\u00e9 cr\u00e9ent une atmosph\u00e8re positive. L&#8217;int\u00e9rieur est calme et paisible. Les ing\u00e9nieurs de DEUTZ-FAHR ont r\u00e9ussi \u00e0 minimiser le bruit \u00e0 l&#8217;int\u00e9rieur de la cabine gr\u00e2ce \u00e0 de nombreux \u00e9l\u00e9ments insonorisants et \u00e0 d&#8217;autres d\u00e9tails techniques. Le syst\u00e8me de climatisation est puissant et la r\u00e9partition de l&#8217;air est absolument homog\u00e8ne. Sept buses de ventilation r\u00e9glables permettent de maintenir constante la temp\u00e9rature pr\u00e9f\u00e9r\u00e9e du conducteur dans toutes les parties de la cabine, \u00e0 tout moment. De nouvelles options de si\u00e8ges sont propos\u00e9es au conducteur, dont un choix de six versions avec diff\u00e9rents concepts de suspension, mat\u00e9riaux et r\u00e9glages.<\/p>\n\n                                                                            <div class=\"link-wrapper\">\n                                            <a class=\"button button__green\" href=\"https:\/\/deutzfahrmer.ca\/fr\/demandez-une-soumission\/\">Demandez une soumission<\/a>\n                                        <\/div>\n                                                                    <\/div>\n                            <\/div>\n                                            <\/div>\n                <\/div>\n            <\/div>\n        <\/div>\n    <\/div>\n<\/section>\n\n    <section id=\"block-612536d43509b\" class=\"block mosaic-items\">\n        <div class=\"mosaic-items-inner\">\n            <div class=\"top\">\n                <div class=\"container\">\n                    <div class=\"title-wrapper\">\n                        <h2>D\u00e9couvrez nos S\u00e9ries<\/h2>\n                    <\/div>\n                    <div class=\"tagline-wrapper\"><p><em><strong>DEUTZ-FAHR<\/strong><\/em> a toujours \u00e9t\u00e9 \u00e0 l&#8217;avant-garde du d\u00e9veloppement de tracteurs intelligents.<\/p>\n<\/div>\n                <\/div>\n            <\/div>\n            <div class=\"bottom\">\n                <div class=\"background-title-wrapper\">\n                    <div class=\"background-title\">S\u00c9RIES<\/div>\n                <\/div>\n                <div class=\"container\">\n                    <div class=\"items-wrapper\">\n                                                    <div class=\"item\">\n                                <a href=\"https:\/\/deutzfahrmer.ca\/fr\/tracteur\/serie-9\/\">\n                                    <div class=\"item-image\" style=\"background-image: url(https:\/\/deutzfahrmer.ca\/app\/uploads\/2021\/08\/deutzfahr-canada-tractor_9-series_mosaic.jpg);\">\n                                        <div class=\"item-link\">\n                                            <svg width=\"22\" height=\"22\" viewBox=\"0 0 22 22\" fill=\"none\" xmlns=\"http:\/\/www.w3.org\/2000\/svg\">\n<rect x=\"12\" y=\"1.00003\" width=\"20\" height=\"2\" transform=\"rotate(90 12 1.00003)\" fill=\"white\"\/>\n<rect x=\"21\" y=\"12\" width=\"20\" height=\"2\" transform=\"rotate(-180 21 12)\" fill=\"white\"\/>\n<\/svg>\n\n                                        <\/div>\n                                    <\/div>\n                                    <div class=\"item-title\">S\u00c9RIE 9<\/div>\n                                <\/a>\n                            <\/div>\n                                                    <div class=\"item\">\n                                <a href=\"https:\/\/deutzfahrmer.ca\/fr\/tracteur\/8280-ttv\/\">\n                                    <div class=\"item-image\" style=\"background-image: url(https:\/\/deutzfahrmer.ca\/app\/uploads\/2023\/05\/deutzfahr-canada-tractor_8280-ttv_mosaic.jpg);\">\n                                        <div class=\"item-link\">\n                                            <svg width=\"22\" height=\"22\" viewBox=\"0 0 22 22\" fill=\"none\" xmlns=\"http:\/\/www.w3.org\/2000\/svg\">\n<rect x=\"12\" y=\"1.00003\" width=\"20\" height=\"2\" transform=\"rotate(90 12 1.00003)\" fill=\"white\"\/>\n<rect x=\"21\" y=\"12\" width=\"20\" height=\"2\" transform=\"rotate(-180 21 12)\" fill=\"white\"\/>\n<\/svg>\n\n                                        <\/div>\n                                    <\/div>\n                                    <div class=\"item-title\">8280 TTV<\/div>\n                                <\/a>\n                            <\/div>\n                                                    <div class=\"item\">\n                                <a href=\"https:\/\/deutzfahrmer.ca\/fr\/tracteur\/serie-7-ttv\/\">\n                                    <div class=\"item-image\" style=\"background-image: url(https:\/\/deutzfahrmer.ca\/app\/uploads\/2023\/05\/deutzfahr-canada-tractor_7-ttv-series_mosaic.jpg);\">\n                                        <div class=\"item-link\">\n                                            <svg width=\"22\" height=\"22\" viewBox=\"0 0 22 22\" fill=\"none\" xmlns=\"http:\/\/www.w3.org\/2000\/svg\">\n<rect x=\"12\" y=\"1.00003\" width=\"20\" height=\"2\" transform=\"rotate(90 12 1.00003)\" fill=\"white\"\/>\n<rect x=\"21\" y=\"12\" width=\"20\" height=\"2\" transform=\"rotate(-180 21 12)\" fill=\"white\"\/>\n<\/svg>\n\n                                        <\/div>\n                                    <\/div>\n                                    <div class=\"item-title\">S\u00c9RIE 7 TTV<\/div>\n                                <\/a>\n                            <\/div>\n                                                    <div class=\"item\">\n                                <a href=\"https:\/\/deutzfahrmer.ca\/fr\/tracteur\/serie-6-ttv\/\">\n                                    <div class=\"item-image\" style=\"background-image: url(https:\/\/deutzfahrmer.ca\/app\/uploads\/2023\/05\/deutzfahr-canada-tractor_6-ttv-series_mosaic.jpg);\">\n                                        <div class=\"item-link\">\n                                            <svg width=\"22\" height=\"22\" viewBox=\"0 0 22 22\" fill=\"none\" xmlns=\"http:\/\/www.w3.org\/2000\/svg\">\n<rect x=\"12\" y=\"1.00003\" width=\"20\" height=\"2\" transform=\"rotate(90 12 1.00003)\" fill=\"white\"\/>\n<rect x=\"21\" y=\"12\" width=\"20\" height=\"2\" transform=\"rotate(-180 21 12)\" fill=\"white\"\/>\n<\/svg>\n\n                                        <\/div>\n                                    <\/div>\n                                    <div class=\"item-title\">S\u00c9RIE 6 TTV<\/div>\n                                <\/a>\n                            <\/div>\n                                                    <div class=\"item\">\n                                <a href=\"https:\/\/deutzfahrmer.ca\/fr\/tracteur\/serie-6\/\">\n                                    <div class=\"item-image\" style=\"background-image: url(https:\/\/deutzfahrmer.ca\/app\/uploads\/2023\/05\/deutzfahr-canada-tractor_6-series_mosaic.jpg);\">\n                                        <div class=\"item-link\">\n                                            <svg width=\"22\" height=\"22\" viewBox=\"0 0 22 22\" fill=\"none\" xmlns=\"http:\/\/www.w3.org\/2000\/svg\">\n<rect x=\"12\" y=\"1.00003\" width=\"20\" height=\"2\" transform=\"rotate(90 12 1.00003)\" fill=\"white\"\/>\n<rect x=\"21\" y=\"12\" width=\"20\" height=\"2\" transform=\"rotate(-180 21 12)\" fill=\"white\"\/>\n<\/svg>\n\n                                        <\/div>\n                                    <\/div>\n                                    <div class=\"item-title\">S\u00c9RIE 6<\/div>\n                                <\/a>\n                            <\/div>\n                                                    <div class=\"item\">\n                                <a href=\"https:\/\/deutzfahrmer.ca\/fr\/tracteur\/serie-6c\/\">\n                                    <div class=\"item-image\" style=\"background-image: url(https:\/\/deutzfahrmer.ca\/app\/uploads\/2023\/05\/deutzfahr-canada-tractor_6c-series_mosaic.jpg);\">\n                                        <div class=\"item-link\">\n                                            <svg width=\"22\" height=\"22\" viewBox=\"0 0 22 22\" fill=\"none\" xmlns=\"http:\/\/www.w3.org\/2000\/svg\">\n<rect x=\"12\" y=\"1.00003\" width=\"20\" height=\"2\" transform=\"rotate(90 12 1.00003)\" fill=\"white\"\/>\n<rect x=\"21\" y=\"12\" width=\"20\" height=\"2\" transform=\"rotate(-180 21 12)\" fill=\"white\"\/>\n<\/svg>\n\n                                        <\/div>\n                                    <\/div>\n                                    <div class=\"item-title\">S\u00e9rie 6C<\/div>\n                                <\/a>\n                            <\/div>\n                                                    <div class=\"item\">\n                                <a href=\"https:\/\/deutzfahrmer.ca\/fr\/tracteur\/serie-5d-keyline\/\">\n                                    <div class=\"item-image\" style=\"background-image: url(https:\/\/deutzfahrmer.ca\/app\/uploads\/2023\/05\/deutzfahr-canada-tractor_5d-keyline_mosaic.jpg);\">\n                                        <div class=\"item-link\">\n                                            <svg width=\"22\" height=\"22\" viewBox=\"0 0 22 22\" fill=\"none\" xmlns=\"http:\/\/www.w3.org\/2000\/svg\">\n<rect x=\"12\" y=\"1.00003\" width=\"20\" height=\"2\" transform=\"rotate(90 12 1.00003)\" fill=\"white\"\/>\n<rect x=\"21\" y=\"12\" width=\"20\" height=\"2\" transform=\"rotate(-180 21 12)\" fill=\"white\"\/>\n<\/svg>\n\n                                        <\/div>\n                                    <\/div>\n                                    <div class=\"item-title\">S\u00c9RIE 5D KEYLINE<\/div>\n                                <\/a>\n                            <\/div>\n                                                    <div class=\"item\">\n                                <a href=\"https:\/\/deutzfahrmer.ca\/fr\/tracteur\/5g-series\/\">\n                                    <div class=\"item-image\" style=\"background-image: url(https:\/\/deutzfahrmer.ca\/app\/uploads\/2023\/05\/deutzfahr-canada-tractor_5g-series_mosaic.jpg);\">\n                                        <div class=\"item-link\">\n                                            <svg width=\"22\" height=\"22\" viewBox=\"0 0 22 22\" fill=\"none\" xmlns=\"http:\/\/www.w3.org\/2000\/svg\">\n<rect x=\"12\" y=\"1.00003\" width=\"20\" height=\"2\" transform=\"rotate(90 12 1.00003)\" fill=\"white\"\/>\n<rect x=\"21\" y=\"12\" width=\"20\" height=\"2\" transform=\"rotate(-180 21 12)\" fill=\"white\"\/>\n<\/svg>\n\n                                        <\/div>\n                                    <\/div>\n                                    <div class=\"item-title\">AGROFARM<\/div>\n                                <\/a>\n                            <\/div>\n                                                    <div class=\"item\">\n                                <a href=\"https:\/\/deutzfahrmer.ca\/fr\/tracteur\/serie-4e\/\">\n                                    <div class=\"item-image\" style=\"background-image: url(https:\/\/deutzfahrmer.ca\/app\/uploads\/2023\/05\/deutzfahr-canada-tractor_4e-keyline_mosaic.jpg);\">\n                                        <div class=\"item-link\">\n                                            <svg width=\"22\" height=\"22\" viewBox=\"0 0 22 22\" fill=\"none\" xmlns=\"http:\/\/www.w3.org\/2000\/svg\">\n<rect x=\"12\" y=\"1.00003\" width=\"20\" height=\"2\" transform=\"rotate(90 12 1.00003)\" fill=\"white\"\/>\n<rect x=\"21\" y=\"12\" width=\"20\" height=\"2\" transform=\"rotate(-180 21 12)\" fill=\"white\"\/>\n<\/svg>\n\n                                        <\/div>\n                                    <\/div>\n                                    <div class=\"item-title\">S\u00c9RIE 4E<\/div>\n                                <\/a>\n                            <\/div>\n                                                    <div class=\"item\">\n                                <a href=\"https:\/\/deutzfahrmer.ca\/fr\/tracteur\/serie-5g-tb\/\">\n                                    <div class=\"item-image\" style=\"background-image: url(https:\/\/deutzfahrmer.ca\/app\/uploads\/2023\/05\/deutzfahr-canada-tractor_5g-tb-series_mosaic.jpg);\">\n                                        <div class=\"item-link\">\n                                            <svg width=\"22\" height=\"22\" viewBox=\"0 0 22 22\" fill=\"none\" xmlns=\"http:\/\/www.w3.org\/2000\/svg\">\n<rect x=\"12\" y=\"1.00003\" width=\"20\" height=\"2\" transform=\"rotate(90 12 1.00003)\" fill=\"white\"\/>\n<rect x=\"21\" y=\"12\" width=\"20\" height=\"2\" transform=\"rotate(-180 21 12)\" fill=\"white\"\/>\n<\/svg>\n\n                                        <\/div>\n                                    <\/div>\n                                    <div class=\"item-title\">S\u00c9RIE 5G TB<\/div>\n                                <\/a>\n                            <\/div>\n                                            <\/div>\n                <\/div>\n            <\/div>\n        <\/div>\n    <\/section>\n","protected":false},"featured_media":0,"template":"","class_list":["post-1446","tractor","type-tractor","status-publish","hentry"],"acf":[],"_links":{"self":[{"href":"https:\/\/deutzfahrmer.ca\/fr\/wp-json\/wp\/v2\/tractor\/1446","targetHints":{"allow":["GET"]}}],"collection":[{"href":"https:\/\/deutzfahrmer.ca\/fr\/wp-json\/wp\/v2\/tractor"}],"about":[{"href":"https:\/\/deutzfahrmer.ca\/fr\/wp-json\/wp\/v2\/types\/tractor"}],"wp:attachment":[{"href":"https:\/\/deutzfahrmer.ca\/fr\/wp-json\/wp\/v2\/media?parent=1446"}],"curies":[{"name":"wp","href":"https:\/\/api.w.org\/{rel}","templated":true}]}}